{"id":19,"date":"2025-02-13T11:59:41","date_gmt":"2025-02-13T10:59:41","guid":{"rendered":"http:\/\/rechercheenruralite.fr\/?page_id=19"},"modified":"2026-03-26T09:34:47","modified_gmt":"2026-03-26T08:34:47","slug":"recherche-en-ruralite","status":"publish","type":"page","link":"http:\/\/rechercheenruralite.fr\/","title":{"rendered":"Recherche En Ruralit\u00e9"},"content":{"rendered":"\n<div class=\"wp-block-group alignfull has-global-padding is-layout-constrained wp-container-core-group-is-layout-eb524166 wp-block-group-is-layout-constrained\" style=\"padding-top:var(--wp--preset--spacing--40);padding-right:var(--wp--preset--spacing--30);padding-bottom:var(--wp--preset--spacing--40);padding-left:var(--wp--preset--spacing--30)\">\n<div class=\"wp-block-group alignwide is-vertical is-content-justification-center is-layout-flex wp-container-core-group-is-layout-734eb2c2 wp-block-group-is-layout-flex\">\n\n<h1 class=\"has-link-color wp-elements-9728cce79011b64628d7f6beff066787 wp-block-site-title has-text-color has-contrast-color has-large-font-size\"><a href=\"http:\/\/rechercheenruralite.fr\" target=\"_self\" rel=\"home\">Recherche en Ruralit\u00e9<\/a><\/h1>\n\n<nav class=\"is-responsive items-justified-center wp-block-navigation is-content-justification-center is-layout-flex wp-container-core-navigation-is-layout-64ede673 wp-block-navigation-is-layout-flex\" aria-label=\"Navigation\" \n\t\t data-wp-interactive=\"core\/navigation\" data-wp-context='{\"overlayOpenedBy\":{\"click\":false,\"hover\":false,\"focus\":false},\"type\":\"overlay\",\"roleAttribute\":\"\",\"ariaLabel\":\"Menu\"}'><button aria-haspopup=\"dialog\" aria-label=\"Ouvrir le menu\" class=\"wp-block-navigation__responsive-container-open\" \n\t\t\t\tdata-wp-on--click=\"actions.openMenuOnClick\"\n\t\t\t\tdata-wp-on--keydown=\"actions.handleMenuKeydown\"\n\t\t\t><svg width=\"24\" height=\"24\" xmlns=\"http:\/\/www.w3.org\/2000\/svg\" viewBox=\"0 0 24 24\" aria-hidden=\"true\" focusable=\"false\"><path d=\"M4 7.5h16v1.5H4z\"><\/path><path d=\"M4 15h16v1.5H4z\"><\/path><\/svg><\/button>\n\t\t\t\t<div class=\"wp-block-navigation__responsive-container\"  id=\"modal-1\" \n\t\t\t\tdata-wp-class--has-modal-open=\"state.isMenuOpen\"\n\t\t\t\tdata-wp-class--is-menu-open=\"state.isMenuOpen\"\n\t\t\t\tdata-wp-watch=\"callbacks.initMenu\"\n\t\t\t\tdata-wp-on--keydown=\"actions.handleMenuKeydown\"\n\t\t\t\tdata-wp-on--focusout=\"actions.handleMenuFocusout\"\n\t\t\t\ttabindex=\"-1\"\n\t\t\t>\n\t\t\t\t\t<div class=\"wp-block-navigation__responsive-close\" tabindex=\"-1\">\n\t\t\t\t\t\t<div class=\"wp-block-navigation__responsive-dialog\" \n\t\t\t\tdata-wp-bind--aria-modal=\"state.ariaModal\"\n\t\t\t\tdata-wp-bind--aria-label=\"state.ariaLabel\"\n\t\t\t\tdata-wp-bind--role=\"state.roleAttribute\"\n\t\t\t>\n\t\t\t\t\t\t\t<button aria-label=\"Fermer le menu\" class=\"wp-block-navigation__responsive-container-close\" \n\t\t\t\tdata-wp-on--click=\"actions.closeMenuOnClick\"\n\t\t\t><svg xmlns=\"http:\/\/www.w3.org\/2000\/svg\" viewBox=\"0 0 24 24\" width=\"24\" height=\"24\" aria-hidden=\"true\" focusable=\"false\"><path d=\"m13.06 12 6.47-6.47-1.06-1.06L12 10.94 5.53 4.47 4.47 5.53 10.94 12l-6.47 6.47 1.06 1.06L12 13.06l6.47 6.47 1.06-1.06L13.06 12Z\"><\/path><\/svg><\/button>\n\t\t\t\t\t\t\t<div class=\"wp-block-navigation__responsive-container-content\" \n\t\t\t\tdata-wp-watch=\"callbacks.focusFirstElement\"\n\t\t\t id=\"modal-1-content\">\n\t\t\t\t\t\t\t\t\n\t\t\t\t\t\t\t<\/div>\n\t\t\t\t\t\t<\/div>\n\t\t\t\t\t<\/div>\n\t\t\t\t<\/div><\/nav><\/div>\n<\/div>\n\n\n\n<div class=\"wp-block-group alignfull has-background has-global-padding is-layout-constrained wp-container-core-group-is-layout-669513ed wp-block-group-is-layout-constrained\" style=\"background-color:#f3eee0;margin-top:0;margin-bottom:0;padding-top:var(--wp--preset--spacing--50);padding-right:var(--wp--preset--spacing--50);padding-bottom:var(--wp--preset--spacing--50);padding-left:var(--wp--preset--spacing--50)\">\n<div class=\"wp-block-columns alignwide is-layout-flex wp-container-core-columns-is-layout-1da03c2a wp-block-columns-is-layout-flex\">\n<div class=\"wp-block-column is-vertically-aligned-stretch is-layout-flow wp-block-column-is-layout-flow\" style=\"flex-basis:50%\">\n<div class=\"wp-block-group is-vertical is-content-justification-stretch is-layout-flex wp-container-core-group-is-layout-444d5ee8 wp-block-group-is-layout-flex\" style=\"min-height:100%\">\n<p><em>Association d\u2019habitant\u00b7es chercheur\u00b7euses<\/em> <em>en sciences sociales<\/em><\/p>\n\n\n\n<p>L\u2019association RER a pour but de d\u00e9velopper la recherche exp\u00e9rimentale sur le territoire rural, en Creuse principalement, \u00e0 partir des notions de communs, de vivre ensemble et d\u2019identit\u00e9s multiples. Elle comprend des professionnel-les et des habitant-es \u0153uvrant ensemble \u00e0 :<\/p>\n\n\n\n<ul class=\"wp-block-list\">\n<li>comprendre et valoriser les cultures locales<\/li>\n\n\n\n<li>poser et d\u00e9passer les conflits et controverses entre groupes sociaux<\/li>\n\n\n\n<li>favoriser la diffusion de connaissances li\u00e9es aux enjeux de soci\u00e9t\u00e9, et leur discussion, dans l\u2019espace public<\/li>\n\n\n\n<li>d\u00e9velopper un regard \u00e0 la fois critique et compr\u00e9hensif<\/li>\n<\/ul>\n\n\n\n<div class=\"wp-block-group has-global-padding is-content-justification-left is-layout-constrained wp-container-core-group-is-layout-9fe8ed88 wp-block-group-is-layout-constrained\">\n<p class=\"wp-container-content-0733e5d0\">Le R-E-R m\u00e8ne des recherches-action en direct, organise des r\u00e9unions d&rsquo;intervision ouvertes \u00e0 tou\u00b7tes  les chercheur\u00b7euses qui souhaitent \u00e9changer avec des pairs, et anime des ateliers publics.<\/p>\n\n\n\n<div class=\"wp-block-buttons is-layout-flex wp-block-buttons-is-layout-flex\">\n<div class=\"wp-block-button\"><a class=\"wp-block-button__link wp-element-button\">Contact : contact@rechercheenruralite.fr<\/a><\/div>\n<\/div>\n<\/div>\n<\/div>\n<\/div>\n\n\n\n<div class=\"wp-block-column is-vertically-aligned-center is-layout-flow wp-block-column-is-layout-flow\" style=\"flex-basis:50%\">\n<figure class=\"wp-block-image size-large is-resized is-style-rounded is-style-rounded--2\"><img loading=\"lazy\" decoding=\"async\" width=\"1024\" height=\"831\" src=\"http:\/\/rechercheenruralite.fr\/wp-content\/uploads\/2025\/02\/testphoto2-1024x831.jpg\" alt=\"\" class=\"wp-image-35\" style=\"aspect-ratio:0.75;object-fit:cover;width:384px;height:auto\" srcset=\"http:\/\/rechercheenruralite.fr\/wp-content\/uploads\/2025\/02\/testphoto2-1024x831.jpg 1024w, http:\/\/rechercheenruralite.fr\/wp-content\/uploads\/2025\/02\/testphoto2-300x243.jpg 300w, http:\/\/rechercheenruralite.fr\/wp-content\/uploads\/2025\/02\/testphoto2-768x623.jpg 768w, http:\/\/rechercheenruralite.fr\/wp-content\/uploads\/2025\/02\/testphoto2-1536x1246.jpg 1536w, http:\/\/rechercheenruralite.fr\/wp-content\/uploads\/2025\/02\/testphoto2.jpg 1557w\" sizes=\"auto, (max-width: 1024px) 100vw, 1024px\" \/><\/figure>\n<\/div>\n<\/div>\n<\/div>\n\n\n\n<div class=\"wp-block-group alignfull has-base-background-color has-background has-global-padding is-content-justification-right is-layout-constrained wp-container-core-group-is-layout-a5ef2060 wp-block-group-is-layout-constrained\" style=\"margin-top:0;margin-bottom:0;padding-top:var(--wp--preset--spacing--50);padding-right:var(--wp--preset--spacing--50);padding-bottom:var(--wp--preset--spacing--50);padding-left:var(--wp--preset--spacing--50)\">\n<div class=\"wp-block-columns alignwide is-layout-flex wp-container-core-columns-is-layout-549b0c86 wp-block-columns-is-layout-flex\">\n<div class=\"wp-block-column has-global-padding is-content-justification-left is-layout-constrained wp-container-core-column-is-layout-4f15e8fe wp-block-column-is-layout-constrained\" style=\"flex-basis:40%\">\n<p>Nos recherches sont le fruit soit d&rsquo;une demande ext\u00e9rieure (prestation), soit d&rsquo;un questionnement d&rsquo;un-e de nos membres qui monte un groupe de recherche associant des personnes curieuses et concern\u00e9es (interne), soit d&rsquo;un montage de projet pour r\u00e9pondre \u00e0 un besoin local (recherche participative). <\/p>\n<\/div>\n\n\n\n<div class=\"wp-block-column is-layout-flow wp-container-core-column-is-layout-119bc444 wp-block-column-is-layout-flow\" style=\"flex-basis:60%\">\n<p class=\"has-heading-font-family has-x-large-font-size\" style=\"line-height:1.2\">Les recherches men\u00e9es<\/p>\n\n\n\n<div class=\"wp-block-group is-vertical is-layout-flex wp-container-core-group-is-layout-fe9cc265 wp-block-group-is-layout-flex\">\n<figure class=\"wp-block-image size-large is-resized\"><img loading=\"lazy\" decoding=\"async\" width=\"1024\" height=\"493\" src=\"http:\/\/rechercheenruralite.fr\/wp-content\/uploads\/2025\/02\/medias.echoduberry-1024x493.webp\" alt=\"\" class=\"wp-image-37\" style=\"width:544px;height:auto\" srcset=\"http:\/\/rechercheenruralite.fr\/wp-content\/uploads\/2025\/02\/medias.echoduberry-1024x493.webp 1024w, http:\/\/rechercheenruralite.fr\/wp-content\/uploads\/2025\/02\/medias.echoduberry-300x145.webp 300w, http:\/\/rechercheenruralite.fr\/wp-content\/uploads\/2025\/02\/medias.echoduberry-768x370.webp 768w, http:\/\/rechercheenruralite.fr\/wp-content\/uploads\/2025\/02\/medias.echoduberry.webp 1200w\" sizes=\"auto, (max-width: 1024px) 100vw, 1024px\" \/><\/figure>\n<\/div>\n\n\n\n<div class=\"wp-block-columns is-layout-flex wp-container-core-columns-is-layout-87beb0d0 wp-block-columns-is-layout-flex\">\n<div class=\"wp-block-column is-layout-flow wp-block-column-is-layout-flow\">\n<p class=\"wp-container-content-9cfa9a5a\"><strong>Le lien social : <\/strong><\/p>\n\n\n\n<p>L&rsquo;<a href=\"http:\/\/rechercheenruralite.fr\/wp-content\/uploads\/2024\/06\/Recherche_action_RER_CCPCM_2024.pdf\">\u00e9tude<\/a> sur \u00ab\u00a0Le lien social en (re)construction dans la communaut\u00e9 de communes des Portes de la Creuse en Marche\u00a0\u00bb a \u00e9t\u00e9 men\u00e9e en 2024. Elle continue sa vie via des caf\u00e9s socio.<\/p>\n\n\n\n<p class=\"wp-container-content-9cfa9a5a\"><strong>Des impacts de l&rsquo;engagement associatif :<\/strong><\/p>\n\n\n\n<p>Une recherche participative avec 3 associations (les Plateaux limousins, le Caf\u00e9 de l&rsquo;espace et Declic Nord Creuse) qui s&rsquo;interrogent sur les liens entre les parcours et les histoires des b\u00e9n\u00e9voles, du territoire et des associations. En cours jusqu&rsquo;en 2026.<\/p>\n<\/div>\n\n\n\n<div class=\"wp-block-column is-layout-flow wp-block-column-is-layout-flow\">\n<p><strong>La chasse :<\/strong><\/p>\n\n\n\n<p>Une enqu\u00eate men\u00e9e par un groupe d&rsquo;habitantes, entre entretiens, lectures et discussions r\u00e9flexives. Quand des non-pratiquantes et amatrices de sciences humaines cherchent \u00e0 lever des li\u00e8vres : le magazine est sorti, plus d&rsquo;infos <a href=\"https:\/\/rechercheenruralite.fr\/?page_id=52\">ici<\/a> !<\/p>\n\n\n\n<p><strong>L&rsquo;habitabilit\u00e9 :<\/strong><\/p>\n\n\n\n<p>Le RER coordonne une recherche-action commandit\u00e9e sur des parcs naturels du Massif central sur les conditions du bien-vivre ensemble maintenant et demain. C&rsquo;est super-rural et c&rsquo;est <a href=\"https:\/\/superrural.fr\/\">ici<\/a><\/p>\n<\/div>\n<\/div>\n<\/div>\n<\/div>\n\n\n\n<figure class=\"wp-block-gallery has-nested-images columns-default is-cropped wp-block-gallery-3 is-layout-flex wp-block-gallery-is-layout-flex\"><\/figure>\n<\/div>\n\n\n\n<div class=\"wp-block-group alignfull has-accent-5-background-color has-background has-global-padding is-layout-constrained wp-container-core-group-is-layout-d89aad35 wp-block-group-is-layout-constrained\" style=\"margin-top:0;margin-bottom:0;padding-top:var(--wp--preset--spacing--50);padding-right:var(--wp--preset--spacing--50);padding-bottom:var(--wp--preset--spacing--50);padding-left:var(--wp--preset--spacing--50)\">\n<div class=\"wp-block-columns alignwide is-layout-flex wp-container-core-columns-is-layout-1da03c2a wp-block-columns-is-layout-flex\">\n<div class=\"wp-block-column is-vertically-aligned-center is-layout-flow wp-block-column-is-layout-flow\" style=\"flex-basis:60%\">\n<figure class=\"wp-block-image size-full is-resized is-style-rounded wp-duotone-duotone-1 is-style-rounded--4\"><img loading=\"lazy\" decoding=\"async\" width=\"600\" height=\"600\" src=\"http:\/\/rechercheenruralite.fr\/wp-content\/uploads\/2025\/02\/depositphotos_164913158-stock-illustration-meeting-point-icon-on-white.webp\" alt=\"\" class=\"wp-image-38\" style=\"aspect-ratio:1.3333333333333333;object-fit:cover;width:449px;height:auto\" srcset=\"http:\/\/rechercheenruralite.fr\/wp-content\/uploads\/2025\/02\/depositphotos_164913158-stock-illustration-meeting-point-icon-on-white.webp 600w, http:\/\/rechercheenruralite.fr\/wp-content\/uploads\/2025\/02\/depositphotos_164913158-stock-illustration-meeting-point-icon-on-white-300x300.webp 300w, http:\/\/rechercheenruralite.fr\/wp-content\/uploads\/2025\/02\/depositphotos_164913158-stock-illustration-meeting-point-icon-on-white-150x150.webp 150w\" sizes=\"auto, (max-width: 600px) 100vw, 600px\" \/><\/figure>\n<\/div>\n\n\n\n<div class=\"wp-block-column is-layout-flow wp-block-column-is-layout-flow\" style=\"flex-basis:40%\">\n<h2 class=\"wp-block-heading\">Les rencontres d&rsquo;intervision<\/h2>\n\n\n\n<p>Vous \u00eates chercheur-se en sciences sociales, en Creuse ou pas loin, rattach\u00e9-e \u00e0 un laboratoire lointain ou \u00e0 rien : si \u00e7a vous tente de partager vos questionnements, vos outils, vos besoins, vos envies, ou juste un moment entre pair-es en chair et en os, vous \u00eates le-la bienvenu-e aux rencontres d&rsquo;intervision. Organis\u00e9es environ 2 fois par an, elles sont accessibles \u00e0 qui envoie un mail de pr\u00e9sentation sur intervision@rechercheenruralite.fr<\/p>\n\n\n\n<div class=\"wp-block-buttons is-layout-flex wp-block-buttons-is-layout-flex\">\n<div class=\"wp-block-button\"><a class=\"wp-block-button__link wp-element-button\">Nos services<\/a><\/div>\n<\/div>\n<\/div>\n<\/div>\n<\/div>\n\n\n\n<div class=\"wp-block-group alignfull has-global-padding is-layout-constrained wp-container-core-group-is-layout-d89aad35 wp-block-group-is-layout-constrained\" style=\"margin-top:0;margin-bottom:0;padding-top:var(--wp--preset--spacing--50);padding-right:var(--wp--preset--spacing--50);padding-bottom:var(--wp--preset--spacing--50);padding-left:var(--wp--preset--spacing--50)\"><\/div>\n\n\n\n<div class=\"wp-block-group alignfull has-global-padding is-layout-constrained wp-container-core-group-is-layout-d89aad35 wp-block-group-is-layout-constrained\" style=\"margin-top:0;margin-bottom:0;padding-top:var(--wp--preset--spacing--50);padding-right:var(--wp--preset--spacing--50);padding-bottom:var(--wp--preset--spacing--50);padding-left:var(--wp--preset--spacing--50)\">\n<div class=\"wp-block-columns alignwide are-vertically-aligned-center is-layout-flex wp-container-core-columns-is-layout-47c06fe3 wp-block-columns-is-layout-flex\">\n<div class=\"wp-block-column is-vertically-aligned-center is-layout-flow wp-block-column-is-layout-flow\" style=\"flex-basis:50%\">\n<h2 class=\"wp-block-heading\">Les informations<\/h2>\n\n\n\n<p>sont partag\u00e9es sur une liste de diffusion : conf\u00e9rences et s\u00e9minaires ouverts de l&rsquo;EHESS, \u00e9v\u00e8nement li\u00e9 aux sciences sociales, publication sur le th\u00e8me de l&rsquo;interculturel, ateliers d&rsquo;arpentage&#8230; C&rsquo;est \u00e9galement le bon endroit pour chercher ou faire connaitre des outils de sociologie. <br>Pour s\u2019y inscrire il suffit d\u2019envoyer un mail \u00e0<br><a href=\"mailto:info_rer@framalistes.org\">info_rer@framalistes.org<\/a><\/p>\n<\/div>\n\n\n\n<div class=\"wp-block-column is-vertically-aligned-center is-layout-flow wp-block-column-is-layout-flow\" style=\"flex-basis:50%\">\n<figure class=\"wp-block-image size-full is-style-rounded is-style-rounded--5\"><img loading=\"lazy\" decoding=\"async\" width=\"1169\" height=\"826\" src=\"http:\/\/rechercheenruralite.fr\/wp-content\/uploads\/2025\/02\/fly-18fev25.jpeg\" alt=\"\" class=\"wp-image-39\" style=\"aspect-ratio:4\/3;object-fit:cover\" srcset=\"http:\/\/rechercheenruralite.fr\/wp-content\/uploads\/2025\/02\/fly-18fev25.jpeg 1169w, http:\/\/rechercheenruralite.fr\/wp-content\/uploads\/2025\/02\/fly-18fev25-300x212.jpeg 300w, http:\/\/rechercheenruralite.fr\/wp-content\/uploads\/2025\/02\/fly-18fev25-1024x724.jpeg 1024w, http:\/\/rechercheenruralite.fr\/wp-content\/uploads\/2025\/02\/fly-18fev25-768x543.jpeg 768w\" sizes=\"auto, (max-width: 1169px) 100vw, 1169px\" \/><\/figure>\n<\/div>\n<\/div>\n<\/div>\n","protected":false},"excerpt":{"rendered":"<p>Association d\u2019habitant\u00b7es chercheur\u00b7euses en sciences sociales L\u2019association RER a pour but de d\u00e9velopper la recherche exp\u00e9rimentale sur le territoire rural, en Creuse principalement, \u00e0 partir des notions de communs, de vivre ensemble et d\u2019identit\u00e9s multiples. Elle comprend des professionnel-les et des habitant-es \u0153uvrant ensemble \u00e0 : Le R-E-R m\u00e8ne des recherches-action en direct, organise des [&hellip;]<\/p>\n","protected":false},"author":1,"featured_media":0,"parent":0,"menu_order":0,"comment_status":"closed","ping_status":"closed","template":"","meta":{"footnotes":""},"class_list":["post-19","page","type-page","status-publish","hentry"],"_links":{"self":[{"href":"http:\/\/rechercheenruralite.fr\/index.php?rest_route=\/wp\/v2\/pages\/19","targetHints":{"allow":["GET"]}}],"collection":[{"href":"http:\/\/rechercheenruralite.fr\/index.php?rest_route=\/wp\/v2\/pages"}],"about":[{"href":"http:\/\/rechercheenruralite.fr\/index.php?rest_route=\/wp\/v2\/types\/page"}],"author":[{"embeddable":true,"href":"http:\/\/rechercheenruralite.fr\/index.php?rest_route=\/wp\/v2\/users\/1"}],"replies":[{"embeddable":true,"href":"http:\/\/rechercheenruralite.fr\/index.php?rest_route=%2Fwp%2Fv2%2Fcomments&post=19"}],"version-history":[{"count":7,"href":"http:\/\/rechercheenruralite.fr\/index.php?rest_route=\/wp\/v2\/pages\/19\/revisions"}],"predecessor-version":[{"id":87,"href":"http:\/\/rechercheenruralite.fr\/index.php?rest_route=\/wp\/v2\/pages\/19\/revisions\/87"}],"wp:attachment":[{"href":"http:\/\/rechercheenruralite.fr\/index.php?rest_route=%2Fwp%2Fv2%2Fmedia&parent=19"}],"curies":[{"name":"wp","href":"https:\/\/api.w.org\/{rel}","templated":true}]}}